{"id":2487,"date":"2024-10-15T17:40:11","date_gmt":"2024-10-15T20:40:11","guid":{"rendered":"https:\/\/ipda.com.uy\/site\/?page_id=2487"},"modified":"2025-03-05T17:54:11","modified_gmt":"2025-03-05T20:54:11","slug":"ipda-treinta-y-tres","status":"publish","type":"page","link":"https:\/\/ipda.com.uy\/site\/interior\/ipda-treinta-y-tres\/","title":{"rendered":"IPDA Treinta y tres"},"content":{"rendered":"\n<div class=\"wp-block-uagb-container uagb-block-83868740 alignfull uagb-is-root-container\">\n<div class=\"wp-block-uagb-container uagb-block-7ea9a9c3\"><\/div>\n\n\n\n<div class=\"wp-block-uagb-container uagb-block-178c8284\">\n<div class=\"wp-block-uagb-info-box uagb-block-5bacd792 uagb-infobox__content-wrap  uagb-infobox-icon-above-title uagb-infobox-image-valign-top wp-block-uagb-info-box--has-margin\"><div class=\"uagb-infobox-margin-wrapper\"><div class=\"uagb-ifb-content\"><div class=\"uagb-ifb-title-wrap\"><h1 class=\"uagb-ifb-title-prefix\">Desde Treinta y Tres!<\/h1><h2 class=\"uagb-ifb-title\">\u00abLa Voz de la Liberaci\u00f3n\u00bb<\/h2><\/div><p class=\"uagb-ifb-desc\">Transmitimos las 24 horas del d\u00eda con m\u00fasica y Palabra que inspiran e imparten vida!<\/p><\/div><\/div><\/div>\n\n\n\n<iframe loading=\"lazy\" src=\"https:\/\/cloudstream2036.conectarhosting.com\/cp\/widgets\/player\/single\/?p=8406\" height=\"110\" width=\"100%\" scrolling=\"no\" style=\"border:none;\"><\/iframe>\n<\/div>\n<\/div>\n\n\n\n<div class=\"wp-block-uagb-container uagb-block-d2c33a3f alignfull uagb-is-root-container\"><div class=\"uagb-container-inner-blocks-wrap\">\n<div class=\"wp-block-uagb-info-box uagb-block-f309a33f uagb-infobox__content-wrap  uagb-infobox-icon-left-title uagb-infobox-left uagb-infobox-image-valign-middle wp-block-uagb-info-box--has-margin\"><div class=\"uagb-infobox-margin-wrapper\"><div class=\"uagb-ifb-content\"><div class=\"uagb-ifb-left-title-image\"><div class=\"uagb-ifb-icon-wrap\"><svg xmlns=\"https:\/\/www.w3.org\/2000\/svg\" viewBox=\"0 0 448 512\"><path d=\"M384 32H64C28.65 32 0 60.65 0 96v320c0 35.35 28.65 64 64 64h320c35.35 0 64-28.65 64-64V96C448 60.65 419.3 32 384 32zM351.6 321.5l-11.62 50.39c-1.633 7.125-7.9 12.11-15.24 12.11c-126.1 0-228.7-102.6-228.7-228.8c0-7.328 4.984-13.59 12.11-15.22l50.38-11.63c7.344-1.703 14.88 2.109 17.93 9.062l23.27 54.28c2.719 6.391 .8828 13.83-4.492 18.22L168.3 232c16.99 34.61 45.14 62.75 79.77 79.75l22.02-26.91c4.344-5.391 11.85-7.25 18.24-4.484l54.24 23.25C349.5 306.6 353.3 314.2 351.6 321.5z\"><\/path><\/svg><\/div><div class=\"uagb-ifb-title-wrap\"><h3 class=\"uagb-ifb-title\">Comun\u00edcate con nosotros al Tel.: 4452 0445<\/h3><\/div><\/div><\/div><\/div><\/div>\n<\/div><\/div>\n\n\n\n<div class=\"wp-block-uagb-container uagb-layout-grid uagb-block-df0831ad alignfull uagb-is-root-container\"><div class=\"uagb-container-inner-blocks-wrap\">\n<div class=\"wp-block-uagb-info-box uagb-block-11baed6d uagb-infobox__content-wrap  uagb-infobox-icon-above-title uagb-infobox-image-valign-top\"><div class=\"uagb-ifb-content\"><div class=\"uagb-ifb-separator\"><\/div><div class=\"uagb-ifb-title-wrap\"><\/div><\/div><\/div>\n\n\n\n<div class=\"wp-block-uagb-advanced-heading uagb-block-2d1b90a6\"><h2 class=\"uagb-heading-text\">Sede Nacional, Treinta y Tres.<\/h2><p class=\"uagb-desc-text\">Te esperamos en <strong>Jos\u00e9 Revent\u00f3 1468<\/strong>. Los esperamos todos los d\u00edas para orar y bendecir sus vidas junto al Pr. Maicol Sandoval y una comunidad llena de fe en Dios y cari\u00f1o para recibirte!<br><br>Escuche <strong>\u201cLa Voz de la Liberaci\u00f3n\u201d por Radio Patria\u00a0<\/strong><br>Lunes a viernes 13:30 a 14: 30, s\u00e1bados de 12:30 a 13:30, domingos 11:30 a 12:30<br><br>Tambi\u00e9n <strong>\u201cLa Voz de la Liberaci\u00f3n\u201d por Radio Dios es Amor <\/strong>( On-line ).<br>Martes de 12:30 a 13:30<br>Mi\u00e9rcoles de 12:30 a 13:30<br>Viernes de 11:00 a 12:00<br>S\u00e1bado 12:30 a 13:30<br><\/p><\/div>\n<\/div><\/div>\n\n\n\n<div class=\"wp-block-uagb-container uagb-block-d8ac2f0a alignfull uagb-is-root-container\"><div class=\"uagb-container-inner-blocks-wrap\">\n<div class=\"wp-block-uagb-advanced-heading uagb-block-443fec0f\"><h2 class=\"uagb-heading-text\">Iglesias en Treinta y Tres<\/h2><p class=\"uagb-desc-text\">Direcciones, d\u00edas y horarios para participar. Te esperamos!<\/p><\/div>\n\n\n\n<div class=\"wp-block-uagb-container uagb-layout-grid uagb-block-9ccff3fb alignfull uagb-is-root-container\"><div class=\"uagb-container-inner-blocks-wrap\">\n<div class=\"wp-block-uagb-info-box uagb-block-68548c16 uagb-infobox__content-wrap  uagb-infobox-icon-left-title uagb-infobox-left uagb-infobox-image-valign-top wp-block-uagb-info-box--has-margin\"><div class=\"uagb-infobox-margin-wrapper\"><div class=\"uagb-ifb-content\"><div class=\"uagb-ifb-left-title-image\"><div class=\"uagb-ifb-icon-wrap\"><svg xmlns=\"https:\/\/www.w3.org\/2000\/svg\" viewBox=\"0 0 384 512\"><path d=\"M168.3 499.2C116.1 435 0 279.4 0 192C0 85.96 85.96 0 192 0C298 0 384 85.96 384 192C384 279.4 267 435 215.7 499.2C203.4 514.5 180.6 514.5 168.3 499.2H168.3zM192 256C227.3 256 256 227.3 256 192C256 156.7 227.3 128 192 128C156.7 128 128 156.7 128 192C128 227.3 156.7 256 192 256z\"><\/path><\/svg><\/div><div class=\"uagb-ifb-title-wrap\"><h4 class=\"uagb-ifb-title\">Sede Treinta y Tres<\/h4><\/div><\/div><p class=\"uagb-ifb-desc\"><strong>Direcci\u00f3n:<\/strong> Te esperamos en Jos\u00e9 Revent\u00f3 1468<br><strong>Tel.:<\/strong> 4452 0445<br><strong>D\u00edas y horarios: <\/strong><br>Martes: 14:00 y 19:00h.<br>Mi\u00e9rcoles: 14:00 y 19:00h.<br>Jueves: 14:00h. <br>intercesi\u00f3n 19:30 a 20:30h.<br>Viernes: 09:00, 14:00 y 19:00h.<br>S\u00e1bado: 14h.<br>Domingo: 9:00, 14:00 y 15:30h. <em>( escuelita peque\u00f1o Galileo )<\/em><\/p><\/div><\/div><\/div>\n\n\n\n<div class=\"wp-block-uagb-info-box uagb-block-118c0ac6 uagb-infobox__content-wrap  uagb-infobox-icon-left-title uagb-infobox-left uagb-infobox-image-valign-top wp-block-uagb-info-box--has-margin\"><div class=\"uagb-infobox-margin-wrapper\"><div class=\"uagb-ifb-content\"><div class=\"uagb-ifb-left-title-image\"><div class=\"uagb-ifb-icon-wrap\"><svg xmlns=\"https:\/\/www.w3.org\/2000\/svg\" viewBox=\"0 0 384 512\"><path d=\"M168.3 499.2C116.1 435 0 279.4 0 192C0 85.96 85.96 0 192 0C298 0 384 85.96 384 192C384 279.4 267 435 215.7 499.2C203.4 514.5 180.6 514.5 168.3 499.2H168.3zM192 256C227.3 256 256 227.3 256 192C256 156.7 227.3 128 192 128C156.7 128 128 156.7 128 192C128 227.3 156.7 256 192 256z\"><\/path><\/svg><\/div><div class=\"uagb-ifb-title-wrap\"><h3 class=\"uagb-ifb-title\">Vergara<\/h3><\/div><\/div><p class=\"uagb-ifb-desc\"><strong>Direcci\u00f3n:<span style=\"color: rgb(51, 51, 51); font-family: &quot;Open Sans&quot;, sans-serif; font-size: 14px; font-style: normal; font-variant-ligatures: normal; font-variant-caps: normal; font-weight: 300; letter-spacing: normal; orphans: 2; text-align: left; text-indent: 0px; text-transform: none; widows: 2; word-spacing: 0px; -webkit-text-stroke-width: 0px; white-space: normal; background-color: rgb(255, 255, 255); text-decoration-thickness: initial; text-decoration-style: initial; text-decoration-color: initial; display: inline !important; float: none;\"><\/span><\/strong> <br>Joaqu\u00edn Su\u00e1rez Cuchilla &#8211; esq. Francisco Tajes<br><strong>D\u00eda y horario:&nbsp;<\/strong><br>Lunes: 14:00h.<span style=\"box-sizing: border-box; color: rgb(51, 51, 51); font-family: &quot;Open Sans&quot;, sans-serif; font-size: 14px; font-style: normal; font-variant-ligatures: normal; font-variant-caps: normal; letter-spacing: normal; orphans: 2; text-align: left; text-indent: 0px; text-transform: none; widows: 2; word-spacing: 0px; -webkit-text-stroke-width: 0px; white-space: normal; background-color: rgb(255, 255, 255); text-decoration-thickness: initial; text-decoration-style: initial; text-decoration-color: initial; font-weight: 400;\"><\/span><br>Mi\u00e9rcoles: 14:00h.<br>Viernes: 14h.<br><\/p><\/div><\/div><\/div>\n\n\n\n<div class=\"wp-block-uagb-info-box uagb-block-54343f53 uagb-infobox__content-wrap  uagb-infobox-icon-left-title uagb-infobox-left uagb-infobox-image-valign-top wp-block-uagb-info-box--has-margin\"><div class=\"uagb-infobox-margin-wrapper\"><div class=\"uagb-ifb-content\"><div class=\"uagb-ifb-left-title-image\"><div class=\"uagb-ifb-icon-wrap\"><svg xmlns=\"https:\/\/www.w3.org\/2000\/svg\" viewBox=\"0 0 384 512\"><path d=\"M168.3 499.2C116.1 435 0 279.4 0 192C0 85.96 85.96 0 192 0C298 0 384 85.96 384 192C384 279.4 267 435 215.7 499.2C203.4 514.5 180.6 514.5 168.3 499.2H168.3zM192 256C227.3 256 256 227.3 256 192C256 156.7 227.3 128 192 128C156.7 128 128 156.7 128 192C128 227.3 156.7 256 192 256z\"><\/path><\/svg><\/div><div class=\"uagb-ifb-title-wrap\"><h3 class=\"uagb-ifb-title\">Charqueada<\/h3><\/div><\/div><p class=\"uagb-ifb-desc\"><strong>Direcci\u00f3n: <\/strong><span style=\"color: rgb(51, 51, 51); font-family: &quot;Open Sans&quot;, sans-serif; font-size: 14px; font-style: normal; font-variant-ligatures: normal; font-variant-caps: normal; font-weight: 300; letter-spacing: normal; orphans: 2; text-align: left; text-indent: 0px; text-transform: none; widows: 2; word-spacing: 0px; -webkit-text-stroke-width: 0px; white-space: normal; background-color: rgb(255, 255, 255); text-decoration-thickness: initial; text-decoration-style: initial; text-decoration-color: initial; display: inline !important; float: none;\"><\/span><br>Avenida Correa<br><strong>D\u00edas y horarios:&nbsp;<\/strong><br>Mi\u00e9rcoles: 14:00<br>Viernes: 14:00<\/p><\/div><\/div><\/div>\n\n\n\n<div class=\"wp-block-uagb-info-box uagb-block-7157b948 uagb-infobox__content-wrap  uagb-infobox-icon-left-title uagb-infobox-left uagb-infobox-image-valign-top wp-block-uagb-info-box--has-margin\"><div class=\"uagb-infobox-margin-wrapper\"><div class=\"uagb-ifb-content\"><div class=\"uagb-ifb-left-title-image\"><div class=\"uagb-ifb-icon-wrap\"><svg xmlns=\"https:\/\/www.w3.org\/2000\/svg\" viewBox=\"0 0 384 512\"><path d=\"M168.3 499.2C116.1 435 0 279.4 0 192C0 85.96 85.96 0 192 0C298 0 384 85.96 384 192C384 279.4 267 435 215.7 499.2C203.4 514.5 180.6 514.5 168.3 499.2H168.3zM192 256C227.3 256 256 227.3 256 192C256 156.7 227.3 128 192 128C156.7 128 128 156.7 128 192C128 227.3 156.7 256 192 256z\"><\/path><\/svg><\/div><div class=\"uagb-ifb-title-wrap\"><h3 class=\"uagb-ifb-title\">Varela<\/h3><\/div><\/div><p class=\"uagb-ifb-desc\"><strong>Direcci\u00f3n:<span style=\"color: rgb(51, 51, 51); font-family: &quot;Open Sans&quot;, sans-serif; font-size: 14px; font-style: normal; font-variant-ligatures: normal; font-variant-caps: normal; font-weight: 300; letter-spacing: normal; orphans: 2; text-align: left; text-indent: 0px; text-transform: none; widows: 2; word-spacing: 0px; -webkit-text-stroke-width: 0px; white-space: normal; background-color: rgb(255, 255, 255); text-decoration-thickness: initial; text-decoration-style: initial; text-decoration-color: initial; display: inline !important; float: none;\"><\/span><\/strong> <br>Viera 464&nbsp;<br><strong>D\u00edas y horarios:&nbsp;<\/strong><br>Mi\u00e9rcoles: 14:00H<span style=\"box-sizing: border-box; color: rgb(51, 51, 51); font-family: &quot;Open Sans&quot;, sans-serif; font-size: 14px; font-style: normal; font-variant-ligatures: normal; font-variant-caps: normal; letter-spacing: normal; orphans: 2; text-align: left; text-indent: 0px; text-transform: none; widows: 2; word-spacing: 0px; -webkit-text-stroke-width: 0px; white-space: normal; background-color: rgb(255, 255, 255); text-decoration-thickness: initial; text-decoration-style: initial; text-decoration-color: initial; font-weight: 400;\"><\/span><br>Viernes: 14:00H<\/p><\/div><\/div><\/div>\n<\/div><\/div>\n<\/div><\/div>\n\n\n\n<div class=\"whatsapp-button\">\n  <a href=\"https:\/\/wa.me\/59896303309\" target=\"_blank\" rel=\"noopener\">\n    <img decoding=\"async\" src=\"https:\/\/ipda.com.uy\/site\/wp-content\/uploads\/2024\/10\/Whatsapp-boton.png\" alt=\"WhatsApp\" \/>\n  <\/a>\n<\/div>\n","protected":false},"excerpt":{"rendered":"<p>Sede Nacional, Treinta y Tres. Te esperamos en Jos\u00e9 Revent\u00f3 1468. Los esperamos todos los d\u00edas para orar y bendecir sus vidas junto al Pr. Maicol Sandoval y una comunidad llena de fe en Dios y cari\u00f1o para recibirte! Escuche \u201cLa Voz de la Liberaci\u00f3n\u201d por Radio Patria\u00a0Lunes a viernes 13:30 a 14: 30, s\u00e1bados [&hellip;]<\/p>\n","protected":false},"author":1,"featured_media":0,"parent":2331,"menu_order":0,"comment_status":"closed","ping_status":"closed","template":"","meta":{"_uag_custom_page_level_css":"","site-sidebar-layout":"default","site-content-layout":"","ast-site-content-layout":"default","site-content-style":"default","site-sidebar-style":"default","ast-global-header-display":"","ast-banner-title-visibility":"","ast-main-header-display":"","ast-hfb-above-header-display":"","ast-hfb-below-header-display":"","ast-hfb-mobile-header-display":"","site-post-title":"disabled","ast-breadcrumbs-content":"","ast-featured-img":"","footer-sml-layout":"","ast-disable-related-posts":"","theme-transparent-header-meta":"","adv-header-id-meta":"","stick-header-meta":"","header-above-stick-meta":"","header-main-stick-meta":"","header-below-stick-meta":"","astra-migrate-meta-layouts":"set","ast-page-background-enabled":"default","ast-page-background-meta":{"desktop":{"background-color":"var(--ast-global-color-4)","background-image":"","background-repeat":"repeat","background-position":"center center","background-size":"auto","background-attachment":"scroll","background-type":"","background-media":"","overlay-type":"","overlay-color":"","overlay-opacity":"","overlay-gradient":""},"tablet":{"background-color":"","background-image":"","background-repeat":"repeat","background-position":"center center","background-size":"auto","background-attachment":"scroll","background-type":"","background-media":"","overlay-type":"","overlay-color":"","overlay-opacity":"","overlay-gradient":""},"mobile":{"background-color":"","background-image":"","background-repeat":"repeat","background-position":"center center","background-size":"auto","background-attachment":"scroll","background-type":"","background-media":"","overlay-type":"","overlay-color":"","overlay-opacity":"","overlay-gradient":""}},"ast-content-background-meta":{"desktop":{"background-color":"var(--ast-global-color-5)","background-image":"","background-repeat":"repeat","background-position":"center center","background-size":"auto","background-attachment":"scroll","background-type":"","background-media":"","overlay-type":"","overlay-color":"","overlay-opacity":"","overlay-gradient":""},"tablet":{"background-color":"var(--ast-global-color-5)","background-image":"","background-repeat":"repeat","background-position":"center center","background-size":"auto","background-attachment":"scroll","background-type":"","background-media":"","overlay-type":"","overlay-color":"","overlay-opacity":"","overlay-gradient":""},"mobile":{"background-color":"var(--ast-global-color-5)","background-image":"","background-repeat":"repeat","background-position":"center center","background-size":"auto","background-attachment":"scroll","background-type":"","background-media":"","overlay-type":"","overlay-color":"","overlay-opacity":"","overlay-gradient":""}},"footnotes":""},"class_list":["post-2487","page","type-page","status-publish","hentry"],"yoast_head":"<!-- This site is optimized with the Yoast SEO plugin v27.0 - https:\/\/yoast.com\/product\/yoast-seo-wordpress\/ -->\n<title>IPDA Treinta y tres - IPDA Uruguay<\/title>\n<meta name=\"description\" content=\"Iglesia Dios es Amor en Treinta y Tres! Transmitimos 24 horas al d\u00eda m\u00fasica y Palabra que inspiran e imparten vida, la voz de la liberaci\u00f3n.\" \/>\n<meta name=\"robots\" content=\"index, follow, max-snippet:-1, max-image-preview:large, max-video-preview:-1\" \/>\n<link rel=\"canonical\" href=\"https:\/\/ipda.com.uy\/site\/interior\/ipda-treinta-y-tres\/\" \/>\n<meta property=\"og:locale\" content=\"es_ES\" \/>\n<meta property=\"og:type\" content=\"article\" \/>\n<meta property=\"og:title\" content=\"IPDA Treinta y tres - IPDA Uruguay\" \/>\n<meta property=\"og:description\" content=\"Iglesia Dios es Amor en Treinta y Tres! Transmitimos 24 horas al d\u00eda m\u00fasica y Palabra que inspiran e imparten vida, la voz de la liberaci\u00f3n.\" \/>\n<meta property=\"og:url\" content=\"https:\/\/ipda.com.uy\/site\/interior\/ipda-treinta-y-tres\/\" \/>\n<meta property=\"og:site_name\" content=\"IPDA Uruguay\" \/>\n<meta property=\"article:publisher\" content=\"https:\/\/www.facebook.com\/ipdacomuy\" \/>\n<meta property=\"article:modified_time\" content=\"2025-03-05T20:54:11+00:00\" \/>\n<meta property=\"og:image\" content=\"https:\/\/ipda.com.uy\/site\/wp-content\/uploads\/2024\/10\/cropped-LOGO-IPDA-GOOGLEPLAY.jpg\" \/>\n\t<meta property=\"og:image:width\" content=\"512\" \/>\n\t<meta property=\"og:image:height\" content=\"512\" \/>\n\t<meta property=\"og:image:type\" content=\"image\/jpeg\" \/>\n<meta name=\"twitter:card\" content=\"summary_large_image\" \/>\n<meta name=\"twitter:label1\" content=\"Est. reading time\" \/>\n\t<meta name=\"twitter:data1\" content=\"2 minutos\" \/>\n<script type=\"application\/ld+json\" class=\"yoast-schema-graph\">{\"@context\":\"https:\/\/schema.org\",\"@graph\":[{\"@type\":\"WebPage\",\"@id\":\"https:\/\/ipda.com.uy\/site\/interior\/ipda-treinta-y-tres\/\",\"url\":\"https:\/\/ipda.com.uy\/site\/interior\/ipda-treinta-y-tres\/\",\"name\":\"IPDA Treinta y tres - IPDA Uruguay\",\"isPartOf\":{\"@id\":\"https:\/\/ipda.com.uy\/site\/#website\"},\"primaryImageOfPage\":{\"@id\":\"https:\/\/ipda.com.uy\/site\/interior\/ipda-treinta-y-tres\/#primaryimage\"},\"image\":{\"@id\":\"https:\/\/ipda.com.uy\/site\/interior\/ipda-treinta-y-tres\/#primaryimage\"},\"thumbnailUrl\":\"https:\/\/ipda.com.uy\/site\/wp-content\/uploads\/2024\/10\/Whatsapp-boton.png\",\"datePublished\":\"2024-10-15T20:40:11+00:00\",\"dateModified\":\"2025-03-05T20:54:11+00:00\",\"description\":\"Iglesia Dios es Amor en Treinta y Tres! Transmitimos 24 horas al d\u00eda m\u00fasica y Palabra que inspiran e imparten vida, la voz de la liberaci\u00f3n.\",\"breadcrumb\":{\"@id\":\"https:\/\/ipda.com.uy\/site\/interior\/ipda-treinta-y-tres\/#breadcrumb\"},\"inLanguage\":\"es-UY\",\"potentialAction\":[{\"@type\":\"ReadAction\",\"target\":[\"https:\/\/ipda.com.uy\/site\/interior\/ipda-treinta-y-tres\/\"]}]},{\"@type\":\"ImageObject\",\"inLanguage\":\"es-UY\",\"@id\":\"https:\/\/ipda.com.uy\/site\/interior\/ipda-treinta-y-tres\/#primaryimage\",\"url\":\"https:\/\/ipda.com.uy\/site\/wp-content\/uploads\/2024\/10\/Whatsapp-boton.png\",\"contentUrl\":\"https:\/\/ipda.com.uy\/site\/wp-content\/uploads\/2024\/10\/Whatsapp-boton.png\",\"width\":200,\"height\":200},{\"@type\":\"BreadcrumbList\",\"@id\":\"https:\/\/ipda.com.uy\/site\/interior\/ipda-treinta-y-tres\/#breadcrumb\",\"itemListElement\":[{\"@type\":\"ListItem\",\"position\":1,\"name\":\"Home\",\"item\":\"https:\/\/ipda.com.uy\/site\/\"},{\"@type\":\"ListItem\",\"position\":2,\"name\":\"Interior del Pa\u00eds\",\"item\":\"https:\/\/ipda.com.uy\/site\/interior\/\"},{\"@type\":\"ListItem\",\"position\":3,\"name\":\"IPDA Treinta y tres\"}]},{\"@type\":\"WebSite\",\"@id\":\"https:\/\/ipda.com.uy\/site\/#website\",\"url\":\"https:\/\/ipda.com.uy\/site\/\",\"name\":\"IPDA Uruguay\",\"description\":\"Iglesia Pentecostal Dios es Amor en Uruguay\",\"publisher\":{\"@id\":\"https:\/\/ipda.com.uy\/site\/#organization\"},\"alternateName\":\"ipda.com.uy\",\"potentialAction\":[{\"@type\":\"SearchAction\",\"target\":{\"@type\":\"EntryPoint\",\"urlTemplate\":\"https:\/\/ipda.com.uy\/site\/?s={search_term_string}\"},\"query-input\":{\"@type\":\"PropertyValueSpecification\",\"valueRequired\":true,\"valueName\":\"search_term_string\"}}],\"inLanguage\":\"es-UY\"},{\"@type\":\"Organization\",\"@id\":\"https:\/\/ipda.com.uy\/site\/#organization\",\"name\":\"IPDA Uruguay\",\"url\":\"https:\/\/ipda.com.uy\/site\/\",\"logo\":{\"@type\":\"ImageObject\",\"inLanguage\":\"es-UY\",\"@id\":\"https:\/\/ipda.com.uy\/site\/#\/schema\/logo\/image\/\",\"url\":\"https:\/\/ipda.com.uy\/site\/wp-content\/uploads\/2024\/10\/cropped-LOGO-IPDA-GOOGLEPLAY.jpg\",\"contentUrl\":\"https:\/\/ipda.com.uy\/site\/wp-content\/uploads\/2024\/10\/cropped-LOGO-IPDA-GOOGLEPLAY.jpg\",\"width\":512,\"height\":512,\"caption\":\"IPDA Uruguay\"},\"image\":{\"@id\":\"https:\/\/ipda.com.uy\/site\/#\/schema\/logo\/image\/\"},\"sameAs\":[\"https:\/\/www.facebook.com\/ipdacomuy\",\"https:\/\/www.instagram.com\/ipdauruguay\/\",\"https:\/\/www.youtube.com\/@ipdauruguay733\"]}]}<\/script>\n<!-- \/ Yoast SEO plugin. -->","yoast_head_json":{"title":"IPDA Treinta y tres - IPDA Uruguay","description":"Iglesia Dios es Amor en Treinta y Tres! Transmitimos 24 horas al d\u00eda m\u00fasica y Palabra que inspiran e imparten vida, la voz de la liberaci\u00f3n.","robots":{"index":"index","follow":"follow","max-snippet":"max-snippet:-1","max-image-preview":"max-image-preview:large","max-video-preview":"max-video-preview:-1"},"canonical":"https:\/\/ipda.com.uy\/site\/interior\/ipda-treinta-y-tres\/","og_locale":"es_ES","og_type":"article","og_title":"IPDA Treinta y tres - IPDA Uruguay","og_description":"Iglesia Dios es Amor en Treinta y Tres! Transmitimos 24 horas al d\u00eda m\u00fasica y Palabra que inspiran e imparten vida, la voz de la liberaci\u00f3n.","og_url":"https:\/\/ipda.com.uy\/site\/interior\/ipda-treinta-y-tres\/","og_site_name":"IPDA Uruguay","article_publisher":"https:\/\/www.facebook.com\/ipdacomuy","article_modified_time":"2025-03-05T20:54:11+00:00","og_image":[{"width":512,"height":512,"url":"https:\/\/ipda.com.uy\/site\/wp-content\/uploads\/2024\/10\/cropped-LOGO-IPDA-GOOGLEPLAY.jpg","type":"image\/jpeg"}],"twitter_card":"summary_large_image","twitter_misc":{"Est. reading time":"2 minutos"},"schema":{"@context":"https:\/\/schema.org","@graph":[{"@type":"WebPage","@id":"https:\/\/ipda.com.uy\/site\/interior\/ipda-treinta-y-tres\/","url":"https:\/\/ipda.com.uy\/site\/interior\/ipda-treinta-y-tres\/","name":"IPDA Treinta y tres - IPDA Uruguay","isPartOf":{"@id":"https:\/\/ipda.com.uy\/site\/#website"},"primaryImageOfPage":{"@id":"https:\/\/ipda.com.uy\/site\/interior\/ipda-treinta-y-tres\/#primaryimage"},"image":{"@id":"https:\/\/ipda.com.uy\/site\/interior\/ipda-treinta-y-tres\/#primaryimage"},"thumbnailUrl":"https:\/\/ipda.com.uy\/site\/wp-content\/uploads\/2024\/10\/Whatsapp-boton.png","datePublished":"2024-10-15T20:40:11+00:00","dateModified":"2025-03-05T20:54:11+00:00","description":"Iglesia Dios es Amor en Treinta y Tres! Transmitimos 24 horas al d\u00eda m\u00fasica y Palabra que inspiran e imparten vida, la voz de la liberaci\u00f3n.","breadcrumb":{"@id":"https:\/\/ipda.com.uy\/site\/interior\/ipda-treinta-y-tres\/#breadcrumb"},"inLanguage":"es-UY","potentialAction":[{"@type":"ReadAction","target":["https:\/\/ipda.com.uy\/site\/interior\/ipda-treinta-y-tres\/"]}]},{"@type":"ImageObject","inLanguage":"es-UY","@id":"https:\/\/ipda.com.uy\/site\/interior\/ipda-treinta-y-tres\/#primaryimage","url":"https:\/\/ipda.com.uy\/site\/wp-content\/uploads\/2024\/10\/Whatsapp-boton.png","contentUrl":"https:\/\/ipda.com.uy\/site\/wp-content\/uploads\/2024\/10\/Whatsapp-boton.png","width":200,"height":200},{"@type":"BreadcrumbList","@id":"https:\/\/ipda.com.uy\/site\/interior\/ipda-treinta-y-tres\/#breadcrumb","itemListElement":[{"@type":"ListItem","position":1,"name":"Home","item":"https:\/\/ipda.com.uy\/site\/"},{"@type":"ListItem","position":2,"name":"Interior del Pa\u00eds","item":"https:\/\/ipda.com.uy\/site\/interior\/"},{"@type":"ListItem","position":3,"name":"IPDA Treinta y tres"}]},{"@type":"WebSite","@id":"https:\/\/ipda.com.uy\/site\/#website","url":"https:\/\/ipda.com.uy\/site\/","name":"IPDA Uruguay","description":"Iglesia Pentecostal Dios es Amor en Uruguay","publisher":{"@id":"https:\/\/ipda.com.uy\/site\/#organization"},"alternateName":"ipda.com.uy","potentialAction":[{"@type":"SearchAction","target":{"@type":"EntryPoint","urlTemplate":"https:\/\/ipda.com.uy\/site\/?s={search_term_string}"},"query-input":{"@type":"PropertyValueSpecification","valueRequired":true,"valueName":"search_term_string"}}],"inLanguage":"es-UY"},{"@type":"Organization","@id":"https:\/\/ipda.com.uy\/site\/#organization","name":"IPDA Uruguay","url":"https:\/\/ipda.com.uy\/site\/","logo":{"@type":"ImageObject","inLanguage":"es-UY","@id":"https:\/\/ipda.com.uy\/site\/#\/schema\/logo\/image\/","url":"https:\/\/ipda.com.uy\/site\/wp-content\/uploads\/2024\/10\/cropped-LOGO-IPDA-GOOGLEPLAY.jpg","contentUrl":"https:\/\/ipda.com.uy\/site\/wp-content\/uploads\/2024\/10\/cropped-LOGO-IPDA-GOOGLEPLAY.jpg","width":512,"height":512,"caption":"IPDA Uruguay"},"image":{"@id":"https:\/\/ipda.com.uy\/site\/#\/schema\/logo\/image\/"},"sameAs":["https:\/\/www.facebook.com\/ipdacomuy","https:\/\/www.instagram.com\/ipdauruguay\/","https:\/\/www.youtube.com\/@ipdauruguay733"]}]}},"uagb_featured_image_src":{"full":false,"thumbnail":false,"medium":false,"medium_large":false,"large":false,"1536x1536":false,"2048x2048":false},"uagb_author_info":{"display_name":"ipda-uy","author_link":"https:\/\/ipda.com.uy\/site\/author\/ipda-uy\/"},"uagb_comment_info":0,"uagb_excerpt":"Sede Nacional, Treinta y Tres. Te esperamos en Jos\u00e9 Revent\u00f3 1468. Los esperamos todos los d\u00edas para orar y bendecir sus vidas junto al Pr. Maicol Sandoval y una comunidad llena de fe en Dios y cari\u00f1o para recibirte! Escuche \u201cLa Voz de la Liberaci\u00f3n\u201d por Radio Patria\u00a0Lunes a viernes 13:30 a 14: 30, s\u00e1bados&hellip;","_links":{"self":[{"href":"https:\/\/ipda.com.uy\/site\/wp-json\/wp\/v2\/pages\/2487","targetHints":{"allow":["GET"]}}],"collection":[{"href":"https:\/\/ipda.com.uy\/site\/wp-json\/wp\/v2\/pages"}],"about":[{"href":"https:\/\/ipda.com.uy\/site\/wp-json\/wp\/v2\/types\/page"}],"author":[{"embeddable":true,"href":"https:\/\/ipda.com.uy\/site\/wp-json\/wp\/v2\/users\/1"}],"replies":[{"embeddable":true,"href":"https:\/\/ipda.com.uy\/site\/wp-json\/wp\/v2\/comments?post=2487"}],"version-history":[{"count":6,"href":"https:\/\/ipda.com.uy\/site\/wp-json\/wp\/v2\/pages\/2487\/revisions"}],"predecessor-version":[{"id":2623,"href":"https:\/\/ipda.com.uy\/site\/wp-json\/wp\/v2\/pages\/2487\/revisions\/2623"}],"up":[{"embeddable":true,"href":"https:\/\/ipda.com.uy\/site\/wp-json\/wp\/v2\/pages\/2331"}],"wp:attachment":[{"href":"https:\/\/ipda.com.uy\/site\/wp-json\/wp\/v2\/media?parent=2487"}],"curies":[{"name":"wp","href":"https:\/\/api.w.org\/{rel}","templated":true}]}}