{"id":2433,"date":"2024-10-10T10:23:41","date_gmt":"2024-10-10T13:23:41","guid":{"rendered":"https:\/\/ipda.com.uy\/site\/?page_id=2433"},"modified":"2024-10-29T11:07:21","modified_gmt":"2024-10-29T14:07:21","slug":"ipda-san-ramon","status":"publish","type":"page","link":"https:\/\/ipda.com.uy\/site\/interior\/ipda-san-ramon\/","title":{"rendered":"IPDA San Ram\u00f3n"},"content":{"rendered":"\n<div class=\"wp-block-uagb-container uagb-block-83868740 alignfull uagb-is-root-container\">\n<div class=\"wp-block-uagb-container uagb-block-7ea9a9c3\"><\/div>\n\n\n\n<div class=\"wp-block-uagb-container uagb-block-178c8284\">\n<div class=\"wp-block-uagb-info-box uagb-block-5bacd792 uagb-infobox__content-wrap  uagb-infobox-icon-above-title uagb-infobox-image-valign-top wp-block-uagb-info-box--has-margin\"><div class=\"uagb-infobox-margin-wrapper\"><div class=\"uagb-ifb-content\"><div class=\"uagb-ifb-title-wrap\"><h1 class=\"uagb-ifb-title-prefix\">Desde San Ram\u00f3n, Canelones!<\/h1><h2 class=\"uagb-ifb-title\">\u00abLa Voz de la Liberaci\u00f3n\u00bb<\/h2><\/div><p class=\"uagb-ifb-desc\">Transmitimos las 24 horas del d\u00eda con m\u00fasica y Palabra que inspiran e imparten vida!<\/p><\/div><\/div><\/div>\n\n\n\n<iframe loading=\"lazy\" src=\"https:\/\/cloudstream2036.conectarhosting.com\/cp\/widgets\/player\/single\/?p=8388\" height=\"110\" width=\"100%\" scrolling=\"no\" style=\"border:none;\"><\/iframe>\n<\/div>\n<\/div>\n\n\n\n<div class=\"wp-block-uagb-container uagb-block-d2c33a3f alignfull uagb-is-root-container\"><div class=\"uagb-container-inner-blocks-wrap\">\n<div class=\"wp-block-uagb-info-box uagb-block-f309a33f uagb-infobox__content-wrap  uagb-infobox-icon-left-title uagb-infobox-left uagb-infobox-image-valign-middle wp-block-uagb-info-box--has-margin\"><div class=\"uagb-infobox-margin-wrapper\"><div class=\"uagb-ifb-content\"><div class=\"uagb-ifb-left-title-image\"><div class=\"uagb-ifb-icon-wrap\"><svg xmlns=\"https:\/\/www.w3.org\/2000\/svg\" viewBox=\"0 0 448 512\"><path d=\"M384 32H64C28.65 32 0 60.65 0 96v320c0 35.35 28.65 64 64 64h320c35.35 0 64-28.65 64-64V96C448 60.65 419.3 32 384 32zM351.6 321.5l-11.62 50.39c-1.633 7.125-7.9 12.11-15.24 12.11c-126.1 0-228.7-102.6-228.7-228.8c0-7.328 4.984-13.59 12.11-15.22l50.38-11.63c7.344-1.703 14.88 2.109 17.93 9.062l23.27 54.28c2.719 6.391 .8828 13.83-4.492 18.22L168.3 232c16.99 34.61 45.14 62.75 79.77 79.75l22.02-26.91c4.344-5.391 11.85-7.25 18.24-4.484l54.24 23.25C349.5 306.6 353.3 314.2 351.6 321.5z\"><\/path><\/svg><\/div><div class=\"uagb-ifb-title-wrap\"><h3 class=\"uagb-ifb-title\">Comun\u00edcate con nosotros al Cel.: 094097644<\/h3><\/div><\/div><\/div><\/div><\/div>\n<\/div><\/div>\n\n\n\n<div class=\"wp-block-uagb-container uagb-layout-grid uagb-block-df0831ad alignfull uagb-is-root-container\"><div class=\"uagb-container-inner-blocks-wrap\">\n<div class=\"wp-block-uagb-info-box uagb-block-11baed6d uagb-infobox__content-wrap  uagb-infobox-icon-above-title uagb-infobox-image-valign-top\"><div class=\"uagb-ifb-content\"><div class=\"uagb-ifb-separator\"><\/div><div class=\"uagb-ifb-title-wrap\"><\/div><\/div><\/div>\n\n\n\n<div class=\"wp-block-uagb-advanced-heading uagb-block-2d1b90a6\"><h2 class=\"uagb-heading-text\">Iglesia Dios es Amor, San Ram\u00f3n, Canelones.<\/h2><p class=\"uagb-desc-text\">Te esperamos junto al Pr. Matias Pereira para orar a tu favor y bendecir tu vida y familia en el nombre de Jes\u00fas. Nuestra ubicaci\u00f3n: <strong>Av. Batlle y Ord\u00f3\u00f1ez esq. Emilio Sineiro<\/strong><\/p><\/div>\n<\/div><\/div>\n\n\n\n<div class=\"wp-block-uagb-container uagb-block-d8ac2f0a alignfull uagb-is-root-container\"><div class=\"uagb-container-inner-blocks-wrap\">\n<div class=\"wp-block-uagb-advanced-heading uagb-block-443fec0f\"><h2 class=\"uagb-heading-text\">Iglesias en San Ram\u00f3n<\/h2><p class=\"uagb-desc-text\">Direcciones, d\u00edas y horarios para participar. Te esperamos!<\/p><\/div>\n\n\n\n<div class=\"wp-block-uagb-container uagb-layout-grid uagb-block-9ccff3fb alignfull uagb-is-root-container\"><div class=\"uagb-container-inner-blocks-wrap\">\n<div class=\"wp-block-uagb-info-box uagb-block-68548c16 uagb-infobox__content-wrap  uagb-infobox-icon-left-title uagb-infobox-left uagb-infobox-image-valign-top wp-block-uagb-info-box--has-margin\"><div class=\"uagb-infobox-margin-wrapper\"><div class=\"uagb-ifb-content\"><div class=\"uagb-ifb-left-title-image\"><div class=\"uagb-ifb-icon-wrap\"><svg xmlns=\"https:\/\/www.w3.org\/2000\/svg\" viewBox=\"0 0 384 512\"><path d=\"M168.3 499.2C116.1 435 0 279.4 0 192C0 85.96 85.96 0 192 0C298 0 384 85.96 384 192C384 279.4 267 435 215.7 499.2C203.4 514.5 180.6 514.5 168.3 499.2H168.3zM192 256C227.3 256 256 227.3 256 192C256 156.7 227.3 128 192 128C156.7 128 128 156.7 128 192C128 227.3 156.7 256 192 256z\"><\/path><\/svg><\/div><div class=\"uagb-ifb-title-wrap\"><h4 class=\"uagb-ifb-title\">Sede Regional <br>San Ram\u00f3n<\/h4><\/div><\/div><p class=\"uagb-ifb-desc\"><strong>Direcci\u00f3n:<\/strong> Av. Batlle y Ord\u00f3\u00f1ez esq. Emilio Sineiro<br><strong>D\u00edas y horarios: <\/strong><br>Martes 14:30 h.<br>Mi\u00e9rcoles 14:30h.<br>Jueves 14:30 h.<br>Viernes 14:30 y 19h.<br>Domingos 14:30h.<\/p><\/div><\/div><\/div>\n\n\n\n<div class=\"wp-block-uagb-info-box uagb-block-118c0ac6 uagb-infobox__content-wrap  uagb-infobox-icon-left-title uagb-infobox-left uagb-infobox-image-valign-top wp-block-uagb-info-box--has-margin\"><div class=\"uagb-infobox-margin-wrapper\"><div class=\"uagb-ifb-content\"><div class=\"uagb-ifb-left-title-image\"><div class=\"uagb-ifb-icon-wrap\"><svg xmlns=\"https:\/\/www.w3.org\/2000\/svg\" viewBox=\"0 0 384 512\"><path d=\"M168.3 499.2C116.1 435 0 279.4 0 192C0 85.96 85.96 0 192 0C298 0 384 85.96 384 192C384 279.4 267 435 215.7 499.2C203.4 514.5 180.6 514.5 168.3 499.2H168.3zM192 256C227.3 256 256 227.3 256 192C256 156.7 227.3 128 192 128C156.7 128 128 156.7 128 192C128 227.3 156.7 256 192 256z\"><\/path><\/svg><\/div><div class=\"uagb-ifb-title-wrap\"><h3 class=\"uagb-ifb-title\">Tala<\/h3><\/div><\/div><p class=\"uagb-ifb-desc\"><strong>Direcci\u00f3n:<span style=\"color: rgb(51, 51, 51); font-family: &quot;Open Sans&quot;, sans-serif; font-size: 14px; font-style: normal; font-variant-ligatures: normal; font-variant-caps: normal; font-weight: 300; letter-spacing: normal; orphans: 2; text-align: left; text-indent: 0px; text-transform: none; widows: 2; word-spacing: 0px; -webkit-text-stroke-width: 0px; white-space: normal; background-color: rgb(255, 255, 255); text-decoration-thickness: initial; text-decoration-style: initial; text-decoration-color: initial; display: inline !important; float: none;\"><\/span><\/strong> <br>18 de Julio 828 esquina Florida<br><strong>D\u00edas y horarios:\u00a0<\/strong><br>Mi\u00e9rcoles 14h.<br>S\u00e1bado 14h.<\/p><\/div><\/div><\/div>\n\n\n\n<div class=\"wp-block-uagb-info-box uagb-block-54343f53 uagb-infobox__content-wrap  uagb-infobox-icon-left-title uagb-infobox-left uagb-infobox-image-valign-top wp-block-uagb-info-box--has-margin\"><div class=\"uagb-infobox-margin-wrapper\"><div class=\"uagb-ifb-content\"><div class=\"uagb-ifb-left-title-image\"><div class=\"uagb-ifb-icon-wrap\"><svg xmlns=\"https:\/\/www.w3.org\/2000\/svg\" viewBox=\"0 0 384 512\"><path d=\"M168.3 499.2C116.1 435 0 279.4 0 192C0 85.96 85.96 0 192 0C298 0 384 85.96 384 192C384 279.4 267 435 215.7 499.2C203.4 514.5 180.6 514.5 168.3 499.2H168.3zM192 256C227.3 256 256 227.3 256 192C256 156.7 227.3 128 192 128C156.7 128 128 156.7 128 192C128 227.3 156.7 256 192 256z\"><\/path><\/svg><\/div><div class=\"uagb-ifb-title-wrap\"><h3 class=\"uagb-ifb-title\">Migues<\/h3><\/div><\/div><p class=\"uagb-ifb-desc\"><strong>Direcci\u00f3n: <\/strong><span style=\"color: rgb(51, 51, 51); font-family: &quot;Open Sans&quot;, sans-serif; font-size: 14px; font-style: normal; font-variant-ligatures: normal; font-variant-caps: normal; font-weight: 300; letter-spacing: normal; orphans: 2; text-align: left; text-indent: 0px; text-transform: none; widows: 2; word-spacing: 0px; -webkit-text-stroke-width: 0px; white-space: normal; background-color: rgb(255, 255, 255); text-decoration-thickness: initial; text-decoration-style: initial; text-decoration-color: initial; display: inline !important; float: none;\"><\/span><br>Sarand\u00ed S\/N esquina Treinta y tres<br><strong>D\u00edas y horarios:&nbsp;<\/strong><br>S\u00e1bados: 14h.<\/p><\/div><\/div><\/div>\n\n\n\n<div class=\"wp-block-uagb-info-box uagb-block-7157b948 uagb-infobox__content-wrap  uagb-infobox-icon-left-title uagb-infobox-left uagb-infobox-image-valign-top wp-block-uagb-info-box--has-margin\"><div class=\"uagb-infobox-margin-wrapper\"><div class=\"uagb-ifb-content\"><div class=\"uagb-ifb-left-title-image\"><div class=\"uagb-ifb-icon-wrap\"><svg xmlns=\"https:\/\/www.w3.org\/2000\/svg\" viewBox=\"0 0 384 512\"><path d=\"M168.3 499.2C116.1 435 0 279.4 0 192C0 85.96 85.96 0 192 0C298 0 384 85.96 384 192C384 279.4 267 435 215.7 499.2C203.4 514.5 180.6 514.5 168.3 499.2H168.3zM192 256C227.3 256 256 227.3 256 192C256 156.7 227.3 128 192 128C156.7 128 128 156.7 128 192C128 227.3 156.7 256 192 256z\"><\/path><\/svg><\/div><div class=\"uagb-ifb-title-wrap\"><h3 class=\"uagb-ifb-title\">San Jacinto<\/h3><\/div><\/div><p class=\"uagb-ifb-desc\"><strong>Direcci\u00f3n:<span style=\"color: rgb(51, 51, 51); font-family: &quot;Open Sans&quot;, sans-serif; font-size: 14px; font-style: normal; font-variant-ligatures: normal; font-variant-caps: normal; font-weight: 300; letter-spacing: normal; orphans: 2; text-align: left; text-indent: 0px; text-transform: none; widows: 2; word-spacing: 0px; -webkit-text-stroke-width: 0px; white-space: normal; background-color: rgb(255, 255, 255); text-decoration-thickness: initial; text-decoration-style: initial; text-decoration-color: initial; display: inline !important; float: none;\"><\/span><\/strong> <br>Carlos Rebufello S\/N<br>Esquina Ruta 7<br><strong>D\u00edas y horarios:&nbsp;<\/strong><br>Mi\u00e9rcoles: 14h.<span style=\"box-sizing: border-box; color: rgb(51, 51, 51); font-family: &quot;Open Sans&quot;, sans-serif; font-size: 14px; font-style: normal; font-variant-ligatures: normal; font-variant-caps: normal; letter-spacing: normal; orphans: 2; text-align: left; text-indent: 0px; text-transform: none; widows: 2; word-spacing: 0px; -webkit-text-stroke-width: 0px; white-space: normal; background-color: rgb(255, 255, 255); text-decoration-thickness: initial; text-decoration-style: initial; text-decoration-color: initial; font-weight: 400;\"><\/span><br>S\u00e1bados: 14h.<\/p><\/div><\/div><\/div>\n\n\n\n<div class=\"wp-block-uagb-info-box uagb-block-23fb8ea0 uagb-infobox__content-wrap  uagb-infobox-icon-left-title uagb-infobox-left uagb-infobox-image-valign-top wp-block-uagb-info-box--has-margin\"><div class=\"uagb-infobox-margin-wrapper\"><div class=\"uagb-ifb-content\"><div class=\"uagb-ifb-left-title-image\"><div class=\"uagb-ifb-icon-wrap\"><svg xmlns=\"https:\/\/www.w3.org\/2000\/svg\" viewBox=\"0 0 384 512\"><path d=\"M168.3 499.2C116.1 435 0 279.4 0 192C0 85.96 85.96 0 192 0C298 0 384 85.96 384 192C384 279.4 267 435 215.7 499.2C203.4 514.5 180.6 514.5 168.3 499.2H168.3zM192 256C227.3 256 256 227.3 256 192C256 156.7 227.3 128 192 128C156.7 128 128 156.7 128 192C128 227.3 156.7 256 192 256z\"><\/path><\/svg><\/div><div class=\"uagb-ifb-title-wrap\"><h3 class=\"uagb-ifb-title\">Santa Rosa<\/h3><\/div><\/div><p class=\"uagb-ifb-desc\"><strong>Direcci\u00f3n:<span style=\"color: rgb(51, 51, 51); font-family: &quot;Open Sans&quot;, sans-serif; font-size: 14px; font-style: normal; font-variant-ligatures: normal; font-variant-caps: normal; font-weight: 300; letter-spacing: normal; orphans: 2; text-align: left; text-indent: 0px; text-transform: none; widows: 2; word-spacing: 0px; -webkit-text-stroke-width: 0px; white-space: normal; background-color: rgb(255, 255, 255); text-decoration-thickness: initial; text-decoration-style: initial; text-decoration-color: initial; display: inline !important; float: none;\"><\/span> <\/strong><br>Jos\u00e9 batalle y Ord\u00f3\u00f1ez S\/N<br>Esquina Jos\u00e9 Pedro Varela<br><strong>D\u00edas y horarios:&nbsp;<\/strong><br>Lunes: 14h.<br>Viernes: 14h.<br><span style=\"box-sizing: border-box; color: rgb(51, 51, 51); font-family: &quot;Open Sans&quot;, sans-serif; font-size: 14px; font-style: normal; font-variant-ligatures: normal; font-variant-caps: normal; letter-spacing: normal; orphans: 2; text-align: left; text-indent: 0px; text-transform: none; widows: 2; word-spacing: 0px; -webkit-text-stroke-width: 0px; white-space: normal; background-color: rgb(255, 255, 255); text-decoration-thickness: initial; text-decoration-style: initial; text-decoration-color: initial; font-weight: 400;\"><\/span><\/p><\/div><\/div><\/div>\n\n\n\n<div class=\"wp-block-uagb-info-box uagb-block-c4431ead uagb-infobox__content-wrap  uagb-infobox-icon-left-title uagb-infobox-left uagb-infobox-image-valign-top wp-block-uagb-info-box--has-margin\"><div class=\"uagb-infobox-margin-wrapper\"><div class=\"uagb-ifb-content\"><div class=\"uagb-ifb-left-title-image\"><div class=\"uagb-ifb-icon-wrap\"><svg xmlns=\"https:\/\/www.w3.org\/2000\/svg\" viewBox=\"0 0 384 512\"><path d=\"M168.3 499.2C116.1 435 0 279.4 0 192C0 85.96 85.96 0 192 0C298 0 384 85.96 384 192C384 279.4 267 435 215.7 499.2C203.4 514.5 180.6 514.5 168.3 499.2H168.3zM192 256C227.3 256 256 227.3 256 192C256 156.7 227.3 128 192 128C156.7 128 128 156.7 128 192C128 227.3 156.7 256 192 256z\"><\/path><\/svg><\/div><div class=\"uagb-ifb-title-wrap\"><h3 class=\"uagb-ifb-title\">San Antonio<\/h3><\/div><\/div><p class=\"uagb-ifb-desc\"><strong>Direcci\u00f3n:<span style=\"color: rgb(51, 51, 51); font-family: &quot;Open Sans&quot;, sans-serif; font-size: 14px; font-style: normal; font-variant-ligatures: normal; font-variant-caps: normal; font-weight: 300; letter-spacing: normal; orphans: 2; text-align: left; text-indent: 0px; text-transform: none; widows: 2; word-spacing: 0px; -webkit-text-stroke-width: 0px; white-space: normal; background-color: rgb(255, 255, 255); text-decoration-thickness: initial; text-decoration-style: initial; text-decoration-color: initial; display: inline !important; float: none;\"><\/span><\/strong> <br>Juan Benito Durante S\/N<br>Av. Daniel Zunino<br><strong>D\u00edas y horarios:\u00a0<\/strong><br>S\u00e1bados 14h.<br>Mi\u00e9rcoles 19h.<\/p><\/div><\/div><\/div>\n<\/div><\/div>\n<\/div><\/div>\n\n\n\n<div class=\"whatsapp-button\">\n  <a href=\"https:\/\/wa.me\/59894097644\" target=\"_blank\" rel=\"noopener\">\n    <img decoding=\"async\" src=\"https:\/\/ipda.com.uy\/site\/wp-content\/uploads\/2024\/10\/Whatsapp-boton.png\" alt=\"WhatsApp\" \/>\n  <\/a>\n<\/div>\n","protected":false},"excerpt":{"rendered":"<p>Iglesia Dios es Amor, San Ram\u00f3n, Canelones. Te esperamos junto al Pr. Matias Pereira para orar a tu favor y bendecir tu vida y familia en el nombre de Jes\u00fas. Nuestra ubicaci\u00f3n: Av. Batlle y Ord\u00f3\u00f1ez esq. Emilio Sineiro Iglesias en San Ram\u00f3n Direcciones, d\u00edas y horarios para participar. Te esperamos!<\/p>\n","protected":false},"author":1,"featured_media":0,"parent":2331,"menu_order":0,"comment_status":"closed","ping_status":"closed","template":"","meta":{"_uag_custom_page_level_css":"","site-sidebar-layout":"default","site-content-layout":"","ast-site-content-layout":"default","site-content-style":"default","site-sidebar-style":"default","ast-global-header-display":"","ast-banner-title-visibility":"","ast-main-header-display":"","ast-hfb-above-header-display":"","ast-hfb-below-header-display":"","ast-hfb-mobile-header-display":"","site-post-title":"disabled","ast-breadcrumbs-content":"","ast-featured-img":"","footer-sml-layout":"","ast-disable-related-posts":"","theme-transparent-header-meta":"","adv-header-id-meta":"","stick-header-meta":"","header-above-stick-meta":"","header-main-stick-meta":"","header-below-stick-meta":"","astra-migrate-meta-layouts":"set","ast-page-background-enabled":"default","ast-page-background-meta":{"desktop":{"background-color":"var(--ast-global-color-4)","background-image":"","background-repeat":"repeat","background-position":"center center","background-size":"auto","background-attachment":"scroll","background-type":"","background-media":"","overlay-type":"","overlay-color":"","overlay-opacity":"","overlay-gradient":""},"tablet":{"background-color":"","background-image":"","background-repeat":"repeat","background-position":"center center","background-size":"auto","background-attachment":"scroll","background-type":"","background-media":"","overlay-type":"","overlay-color":"","overlay-opacity":"","overlay-gradient":""},"mobile":{"background-color":"","background-image":"","background-repeat":"repeat","background-position":"center center","background-size":"auto","background-attachment":"scroll","background-type":"","background-media":"","overlay-type":"","overlay-color":"","overlay-opacity":"","overlay-gradient":""}},"ast-content-background-meta":{"desktop":{"background-color":"var(--ast-global-color-5)","background-image":"","background-repeat":"repeat","background-position":"center center","background-size":"auto","background-attachment":"scroll","background-type":"","background-media":"","overlay-type":"","overlay-color":"","overlay-opacity":"","overlay-gradient":""},"tablet":{"background-color":"var(--ast-global-color-5)","background-image":"","background-repeat":"repeat","background-position":"center center","background-size":"auto","background-attachment":"scroll","background-type":"","background-media":"","overlay-type":"","overlay-color":"","overlay-opacity":"","overlay-gradient":""},"mobile":{"background-color":"var(--ast-global-color-5)","background-image":"","background-repeat":"repeat","background-position":"center center","background-size":"auto","background-attachment":"scroll","background-type":"","background-media":"","overlay-type":"","overlay-color":"","overlay-opacity":"","overlay-gradient":""}},"footnotes":""},"class_list":["post-2433","page","type-page","status-publish","hentry"],"yoast_head":"<!-- This site is optimized with the Yoast SEO plugin v27.0 - https:\/\/yoast.com\/product\/yoast-seo-wordpress\/ -->\n<title>IPDA San Ram\u00f3n - IPDA Uruguay<\/title>\n<meta name=\"description\" content=\"Desde San Ram\u00f3n, Canelones, transmitimos 24 horas de m\u00fasica y mensajes inspiradores. \u00danete a &#039;La Voz de la Liberaci\u00f3n&#039;, iglesia Dios es Amor\" \/>\n<meta name=\"robots\" content=\"index, follow, max-snippet:-1, max-image-preview:large, max-video-preview:-1\" \/>\n<link rel=\"canonical\" href=\"https:\/\/ipda.com.uy\/site\/interior\/ipda-san-ramon\/\" \/>\n<meta property=\"og:locale\" content=\"es_ES\" \/>\n<meta property=\"og:type\" content=\"article\" \/>\n<meta property=\"og:title\" content=\"IPDA San Ram\u00f3n - IPDA Uruguay\" \/>\n<meta property=\"og:description\" content=\"Desde San Ram\u00f3n, Canelones, transmitimos 24 horas de m\u00fasica y mensajes inspiradores. \u00danete a &#039;La Voz de la Liberaci\u00f3n&#039;, iglesia Dios es Amor\" \/>\n<meta property=\"og:url\" content=\"https:\/\/ipda.com.uy\/site\/interior\/ipda-san-ramon\/\" \/>\n<meta property=\"og:site_name\" content=\"IPDA Uruguay\" \/>\n<meta property=\"article:publisher\" content=\"https:\/\/www.facebook.com\/ipdacomuy\" \/>\n<meta property=\"article:modified_time\" content=\"2024-10-29T14:07:21+00:00\" \/>\n<meta property=\"og:image\" content=\"https:\/\/ipda.com.uy\/site\/wp-content\/uploads\/2024\/10\/cropped-LOGO-IPDA-GOOGLEPLAY.jpg\" \/>\n\t<meta property=\"og:image:width\" content=\"512\" \/>\n\t<meta property=\"og:image:height\" content=\"512\" \/>\n\t<meta property=\"og:image:type\" content=\"image\/jpeg\" \/>\n<meta name=\"twitter:card\" content=\"summary_large_image\" \/>\n<meta name=\"twitter:label1\" content=\"Est. reading time\" \/>\n\t<meta name=\"twitter:data1\" content=\"2 minutos\" \/>\n<script type=\"application\/ld+json\" class=\"yoast-schema-graph\">{\"@context\":\"https:\/\/schema.org\",\"@graph\":[{\"@type\":\"WebPage\",\"@id\":\"https:\/\/ipda.com.uy\/site\/interior\/ipda-san-ramon\/\",\"url\":\"https:\/\/ipda.com.uy\/site\/interior\/ipda-san-ramon\/\",\"name\":\"IPDA San Ram\u00f3n - IPDA Uruguay\",\"isPartOf\":{\"@id\":\"https:\/\/ipda.com.uy\/site\/#website\"},\"primaryImageOfPage\":{\"@id\":\"https:\/\/ipda.com.uy\/site\/interior\/ipda-san-ramon\/#primaryimage\"},\"image\":{\"@id\":\"https:\/\/ipda.com.uy\/site\/interior\/ipda-san-ramon\/#primaryimage\"},\"thumbnailUrl\":\"https:\/\/ipda.com.uy\/site\/wp-content\/uploads\/2024\/10\/Whatsapp-boton.png\",\"datePublished\":\"2024-10-10T13:23:41+00:00\",\"dateModified\":\"2024-10-29T14:07:21+00:00\",\"description\":\"Desde San Ram\u00f3n, Canelones, transmitimos 24 horas de m\u00fasica y mensajes inspiradores. \u00danete a 'La Voz de la Liberaci\u00f3n', iglesia Dios es Amor\",\"breadcrumb\":{\"@id\":\"https:\/\/ipda.com.uy\/site\/interior\/ipda-san-ramon\/#breadcrumb\"},\"inLanguage\":\"es-UY\",\"potentialAction\":[{\"@type\":\"ReadAction\",\"target\":[\"https:\/\/ipda.com.uy\/site\/interior\/ipda-san-ramon\/\"]}]},{\"@type\":\"ImageObject\",\"inLanguage\":\"es-UY\",\"@id\":\"https:\/\/ipda.com.uy\/site\/interior\/ipda-san-ramon\/#primaryimage\",\"url\":\"https:\/\/ipda.com.uy\/site\/wp-content\/uploads\/2024\/10\/Whatsapp-boton.png\",\"contentUrl\":\"https:\/\/ipda.com.uy\/site\/wp-content\/uploads\/2024\/10\/Whatsapp-boton.png\",\"width\":200,\"height\":200},{\"@type\":\"BreadcrumbList\",\"@id\":\"https:\/\/ipda.com.uy\/site\/interior\/ipda-san-ramon\/#breadcrumb\",\"itemListElement\":[{\"@type\":\"ListItem\",\"position\":1,\"name\":\"Home\",\"item\":\"https:\/\/ipda.com.uy\/site\/\"},{\"@type\":\"ListItem\",\"position\":2,\"name\":\"Interior del Pa\u00eds\",\"item\":\"https:\/\/ipda.com.uy\/site\/interior\/\"},{\"@type\":\"ListItem\",\"position\":3,\"name\":\"IPDA San Ram\u00f3n\"}]},{\"@type\":\"WebSite\",\"@id\":\"https:\/\/ipda.com.uy\/site\/#website\",\"url\":\"https:\/\/ipda.com.uy\/site\/\",\"name\":\"IPDA Uruguay\",\"description\":\"Iglesia Pentecostal Dios es Amor en Uruguay\",\"publisher\":{\"@id\":\"https:\/\/ipda.com.uy\/site\/#organization\"},\"alternateName\":\"ipda.com.uy\",\"potentialAction\":[{\"@type\":\"SearchAction\",\"target\":{\"@type\":\"EntryPoint\",\"urlTemplate\":\"https:\/\/ipda.com.uy\/site\/?s={search_term_string}\"},\"query-input\":{\"@type\":\"PropertyValueSpecification\",\"valueRequired\":true,\"valueName\":\"search_term_string\"}}],\"inLanguage\":\"es-UY\"},{\"@type\":\"Organization\",\"@id\":\"https:\/\/ipda.com.uy\/site\/#organization\",\"name\":\"IPDA Uruguay\",\"url\":\"https:\/\/ipda.com.uy\/site\/\",\"logo\":{\"@type\":\"ImageObject\",\"inLanguage\":\"es-UY\",\"@id\":\"https:\/\/ipda.com.uy\/site\/#\/schema\/logo\/image\/\",\"url\":\"https:\/\/ipda.com.uy\/site\/wp-content\/uploads\/2024\/10\/cropped-LOGO-IPDA-GOOGLEPLAY.jpg\",\"contentUrl\":\"https:\/\/ipda.com.uy\/site\/wp-content\/uploads\/2024\/10\/cropped-LOGO-IPDA-GOOGLEPLAY.jpg\",\"width\":512,\"height\":512,\"caption\":\"IPDA Uruguay\"},\"image\":{\"@id\":\"https:\/\/ipda.com.uy\/site\/#\/schema\/logo\/image\/\"},\"sameAs\":[\"https:\/\/www.facebook.com\/ipdacomuy\",\"https:\/\/www.instagram.com\/ipdauruguay\/\",\"https:\/\/www.youtube.com\/@ipdauruguay733\"]}]}<\/script>\n<!-- \/ Yoast SEO plugin. -->","yoast_head_json":{"title":"IPDA San Ram\u00f3n - IPDA Uruguay","description":"Desde San Ram\u00f3n, Canelones, transmitimos 24 horas de m\u00fasica y mensajes inspiradores. \u00danete a 'La Voz de la Liberaci\u00f3n', iglesia Dios es Amor","robots":{"index":"index","follow":"follow","max-snippet":"max-snippet:-1","max-image-preview":"max-image-preview:large","max-video-preview":"max-video-preview:-1"},"canonical":"https:\/\/ipda.com.uy\/site\/interior\/ipda-san-ramon\/","og_locale":"es_ES","og_type":"article","og_title":"IPDA San Ram\u00f3n - IPDA Uruguay","og_description":"Desde San Ram\u00f3n, Canelones, transmitimos 24 horas de m\u00fasica y mensajes inspiradores. \u00danete a 'La Voz de la Liberaci\u00f3n', iglesia Dios es Amor","og_url":"https:\/\/ipda.com.uy\/site\/interior\/ipda-san-ramon\/","og_site_name":"IPDA Uruguay","article_publisher":"https:\/\/www.facebook.com\/ipdacomuy","article_modified_time":"2024-10-29T14:07:21+00:00","og_image":[{"width":512,"height":512,"url":"https:\/\/ipda.com.uy\/site\/wp-content\/uploads\/2024\/10\/cropped-LOGO-IPDA-GOOGLEPLAY.jpg","type":"image\/jpeg"}],"twitter_card":"summary_large_image","twitter_misc":{"Est. reading time":"2 minutos"},"schema":{"@context":"https:\/\/schema.org","@graph":[{"@type":"WebPage","@id":"https:\/\/ipda.com.uy\/site\/interior\/ipda-san-ramon\/","url":"https:\/\/ipda.com.uy\/site\/interior\/ipda-san-ramon\/","name":"IPDA San Ram\u00f3n - IPDA Uruguay","isPartOf":{"@id":"https:\/\/ipda.com.uy\/site\/#website"},"primaryImageOfPage":{"@id":"https:\/\/ipda.com.uy\/site\/interior\/ipda-san-ramon\/#primaryimage"},"image":{"@id":"https:\/\/ipda.com.uy\/site\/interior\/ipda-san-ramon\/#primaryimage"},"thumbnailUrl":"https:\/\/ipda.com.uy\/site\/wp-content\/uploads\/2024\/10\/Whatsapp-boton.png","datePublished":"2024-10-10T13:23:41+00:00","dateModified":"2024-10-29T14:07:21+00:00","description":"Desde San Ram\u00f3n, Canelones, transmitimos 24 horas de m\u00fasica y mensajes inspiradores. \u00danete a 'La Voz de la Liberaci\u00f3n', iglesia Dios es Amor","breadcrumb":{"@id":"https:\/\/ipda.com.uy\/site\/interior\/ipda-san-ramon\/#breadcrumb"},"inLanguage":"es-UY","potentialAction":[{"@type":"ReadAction","target":["https:\/\/ipda.com.uy\/site\/interior\/ipda-san-ramon\/"]}]},{"@type":"ImageObject","inLanguage":"es-UY","@id":"https:\/\/ipda.com.uy\/site\/interior\/ipda-san-ramon\/#primaryimage","url":"https:\/\/ipda.com.uy\/site\/wp-content\/uploads\/2024\/10\/Whatsapp-boton.png","contentUrl":"https:\/\/ipda.com.uy\/site\/wp-content\/uploads\/2024\/10\/Whatsapp-boton.png","width":200,"height":200},{"@type":"BreadcrumbList","@id":"https:\/\/ipda.com.uy\/site\/interior\/ipda-san-ramon\/#breadcrumb","itemListElement":[{"@type":"ListItem","position":1,"name":"Home","item":"https:\/\/ipda.com.uy\/site\/"},{"@type":"ListItem","position":2,"name":"Interior del Pa\u00eds","item":"https:\/\/ipda.com.uy\/site\/interior\/"},{"@type":"ListItem","position":3,"name":"IPDA San Ram\u00f3n"}]},{"@type":"WebSite","@id":"https:\/\/ipda.com.uy\/site\/#website","url":"https:\/\/ipda.com.uy\/site\/","name":"IPDA Uruguay","description":"Iglesia Pentecostal Dios es Amor en Uruguay","publisher":{"@id":"https:\/\/ipda.com.uy\/site\/#organization"},"alternateName":"ipda.com.uy","potentialAction":[{"@type":"SearchAction","target":{"@type":"EntryPoint","urlTemplate":"https:\/\/ipda.com.uy\/site\/?s={search_term_string}"},"query-input":{"@type":"PropertyValueSpecification","valueRequired":true,"valueName":"search_term_string"}}],"inLanguage":"es-UY"},{"@type":"Organization","@id":"https:\/\/ipda.com.uy\/site\/#organization","name":"IPDA Uruguay","url":"https:\/\/ipda.com.uy\/site\/","logo":{"@type":"ImageObject","inLanguage":"es-UY","@id":"https:\/\/ipda.com.uy\/site\/#\/schema\/logo\/image\/","url":"https:\/\/ipda.com.uy\/site\/wp-content\/uploads\/2024\/10\/cropped-LOGO-IPDA-GOOGLEPLAY.jpg","contentUrl":"https:\/\/ipda.com.uy\/site\/wp-content\/uploads\/2024\/10\/cropped-LOGO-IPDA-GOOGLEPLAY.jpg","width":512,"height":512,"caption":"IPDA Uruguay"},"image":{"@id":"https:\/\/ipda.com.uy\/site\/#\/schema\/logo\/image\/"},"sameAs":["https:\/\/www.facebook.com\/ipdacomuy","https:\/\/www.instagram.com\/ipdauruguay\/","https:\/\/www.youtube.com\/@ipdauruguay733"]}]}},"uagb_featured_image_src":{"full":false,"thumbnail":false,"medium":false,"medium_large":false,"large":false,"1536x1536":false,"2048x2048":false},"uagb_author_info":{"display_name":"ipda-uy","author_link":"https:\/\/ipda.com.uy\/site\/author\/ipda-uy\/"},"uagb_comment_info":0,"uagb_excerpt":"Iglesia Dios es Amor, San Ram\u00f3n, Canelones. Te esperamos junto al Pr. Matias Pereira para orar a tu favor y bendecir tu vida y familia en el nombre de Jes\u00fas. Nuestra ubicaci\u00f3n: Av. Batlle y Ord\u00f3\u00f1ez esq. Emilio Sineiro Iglesias en San Ram\u00f3n Direcciones, d\u00edas y horarios para participar. Te esperamos!","_links":{"self":[{"href":"https:\/\/ipda.com.uy\/site\/wp-json\/wp\/v2\/pages\/2433","targetHints":{"allow":["GET"]}}],"collection":[{"href":"https:\/\/ipda.com.uy\/site\/wp-json\/wp\/v2\/pages"}],"about":[{"href":"https:\/\/ipda.com.uy\/site\/wp-json\/wp\/v2\/types\/page"}],"author":[{"embeddable":true,"href":"https:\/\/ipda.com.uy\/site\/wp-json\/wp\/v2\/users\/1"}],"replies":[{"embeddable":true,"href":"https:\/\/ipda.com.uy\/site\/wp-json\/wp\/v2\/comments?post=2433"}],"version-history":[{"count":3,"href":"https:\/\/ipda.com.uy\/site\/wp-json\/wp\/v2\/pages\/2433\/revisions"}],"predecessor-version":[{"id":2539,"href":"https:\/\/ipda.com.uy\/site\/wp-json\/wp\/v2\/pages\/2433\/revisions\/2539"}],"up":[{"embeddable":true,"href":"https:\/\/ipda.com.uy\/site\/wp-json\/wp\/v2\/pages\/2331"}],"wp:attachment":[{"href":"https:\/\/ipda.com.uy\/site\/wp-json\/wp\/v2\/media?parent=2433"}],"curies":[{"name":"wp","href":"https:\/\/api.w.org\/{rel}","templated":true}]}}